{"id":2061,"date":"2023-03-31T14:31:08","date_gmt":"2023-03-31T11:31:08","guid":{"rendered":"https:\/\/noveriasoftware.net\/ardacansigorta\/?post_type=dt_portfolio&#038;p=2061"},"modified":"2023-03-31T14:31:08","modified_gmt":"2023-03-31T11:31:08","slug":"genisletilmis-kasko","status":"publish","type":"dt_portfolio","link":"https:\/\/ardacansigorta.com\/index.php\/project\/genisletilmis-kasko\/","title":{"rendered":"Geni\u015fletilmi\u015f Kasko"},"content":{"rendered":"\n<p>Tek bir poli\u00e7e ile arac\u0131n\u0131z i\u00e7in ihtiya\u00e7 duyabilece\u011finiz t\u00fcm sigorta teminatlar\u0131na bir arada, \u00fcstelik benzersiz avantajlarla sahip olabilirsiniz&#8230;<\/p>\n\n\n\n<h3 class=\"wp-block-heading\">Birle\u015fik Kasko Sigortas\u0131-Teminatlar<\/h3>\n\n\n\n<p>Tekbir poli\u00e7e ile arac\u0131n\u0131z i\u00e7in ihtiya\u00e7 duyabilece\u011finiz t\u00fcm sigorta teminatlar\u0131na bir arada, \u00fcstelik benzersiz avantajlarla sahip olabilirsiniz.<\/p>\n\n\n\n<h3 class=\"wp-block-heading\">Eskisi Yerine Yenisi<\/h3>\n\n\n\n<p>Son model arac\u0131n\u0131z\u0131n, kaskonuzun ilk bir y\u0131ll\u0131k sigorta s\u00fcresi i\u00e7erisinde \u00e7al\u0131nmas\u0131 ya da tam ziya olmas\u0131 halinde Kasko arac\u0131n\u0131z\u0131n ayn\u0131s\u0131n\u0131 sat\u0131n al\u0131r.<\/p>\n\n\n\n<p>G\u00fcnde 24 saat, haftan\u0131n 7 g\u00fcn\u00fc boyunca nerede olursan\u0131z olun, her hangi bir kaza veya ar\u0131za durumunda bir telefon ile a\u015fa\u011f\u0131da belirtilen t\u00fcm hizmetlerden yararlanabilirsiniz:<\/p>\n\n\n\n<ul class=\"wp-block-list\">\n<li>Yolda kalan arac\u0131n\u0131z\u0131n tamirciye g\u00f6t\u00fcr\u00fclmesi,<\/li>\n\n\n\n<li>\u0130kamet yerine nakli,<\/li>\n\n\n\n<li>Emanet ve muhafazas\u0131,<\/li>\n\n\n\n<li>Konaklama, seyahate devam etme veya ikamet yerine d\u00f6nme,<\/li>\n\n\n\n<li>Profesyonel s\u00fcr\u00fcc\u00fc teminine kadar her konuda \u00fccretsiz hizmet,<\/li>\n\n\n\n<li>D\u00fcnyan\u0131n neresinde olursa olsun hastal\u0131k ve yaralanma durumlar\u0131nda sa\u011fl\u0131k merkezine nakil yap\u0131lmas\u0131,<\/li>\n\n\n\n<li>Birlikte seyahat edenlerin nakli,<\/li>\n\n\n\n<li>Bir aile \u00fcyesinin seyahati veya konaklamas\u0131,<\/li>\n\n\n\n<li>Yak\u0131n bir aile ferdinin \u00f6l\u00fcm\u00fc nedeniyle seyahatin yar\u0131da kesilerek geri d\u00f6n\u00fclmesi,<\/li>\n\n\n\n<li>Yurt d\u0131\u015f\u0131nda yaralanma veya hastal\u0131k durumlar\u0131nda sa\u011fl\u0131k yard\u0131m\u0131n\u0131n sa\u011flanmas\u0131,<\/li>\n\n\n\n<li>Yurt d\u0131\u015f\u0131nda yaralanma halinde kal\u0131\u015f\u0131n uzamas\u0131,<\/li>\n\n\n\n<li>Cenazenin ve seyahat edenlerin nakli,<\/li>\n\n\n\n<li>\u0130la\u00e7 g\u00f6nderilmesi i\u00e7in d\u00fczenleme yap\u0131lmas\u0131,<\/li>\n\n\n\n<li>\u0130kamet yerindeki hasar nedeniyle geri d\u00f6n\u00fc\u015f\u00fcn sa\u011flanmas\u0131,<\/li>\n\n\n\n<li>Acil mesajlar\u0131n g\u00f6nderilmesi,<\/li>\n\n\n\n<li>Bagaj ve \u015fahsi e\u015fyalar\u0131n (u\u00e7akla seyahatlerde) sigortal\u0131ya ula\u015ft\u0131r\u0131lmas\u0131,<\/li>\n\n\n\n<li>Yurt d\u0131\u015f\u0131nda sigortal\u0131lar\u0131n ara\u00e7lar\u0131yla kar\u0131\u015ft\u0131klar\u0131 trafik kazalar\u0131nda hukuksal savunma harcamalar\u0131n\u0131n \u00f6denmesi,<\/li>\n\n\n\n<li>Ceza davalar\u0131nda ve kefalet konular\u0131nda yan\u0131n\u0131zda,<\/li>\n\n\n\n<li>Yolda onar\u0131m amac\u0131yla yard\u0131m arac\u0131 g\u00f6nderilmesi,<\/li>\n\n\n\n<li>Yolda onar\u0131m,<\/li>\n\n\n\n<li>K\u0131sa mesafeli yolcu ta\u015f\u0131ma ve transfer hizmetleri<\/li>\n\n\n\n<li>Ara\u00e7 trafik muayene i\u015flemlerinin organize edilmesi.<\/li>\n<\/ul>\n\n\n\n<p>T\u00fcm bu avantajlardan ara\u00e7 sahibinin e\u015fi ile birlikte 18 ya\u015f\u0131ndan k\u00fc\u00e7\u00fck \u00e7ocuklar\u0131 da yararlanabilmektedir.<\/p>\n\n\n\n<h3 class=\"wp-block-heading\">Hasars\u0131zl\u0131k \u0130ndirimi<\/h3>\n\n\n\n<p>Hasars\u0131z ge\u00e7en her y\u0131l i\u00e7in size daha fazla indirim sa\u011flan\u0131r.<\/p>\n\n\n\n<p>Sigorta s\u00fcresi i\u00e7erisinde cam k\u0131r\u0131lmas\u0131 hasarlar\u0131nda, onar\u0131m\u0131 \u015eirketimiz ile anla\u015fmal\u0131 cam servisleri dahilinde ger\u00e7ekle\u015ftirilen 1 cam hasar\u0131 hasars\u0131zl\u0131k indiriminizi etkilemez. Di\u011fer servislerde % 25 muafiyet uygulanmas\u0131 halinde hasars\u0131zl\u0131k indirimi yine etkilenmez. S\u0131f\u0131r model ara\u00e7larda anla\u015fmal\u0131, yetkili herhangi bir serviste ger\u00e7ekle\u015ftirilen 1 adet cam hasar\u0131 hasars\u0131zl\u0131k indirimini etkilemez.<\/p>\n\n\n\n<h3 class=\"wp-block-heading\">Enflasyona Kar\u015f\u0131 Tam Koruma<\/h3>\n\n\n\n<p>Sigorta s\u00fcresi i\u00e7erisinde enflasyon nedeniyle arac\u0131n\u0131zda de\u011ferinde meydana gelen art\u0131\u015flar otomatik olarak poli\u00e7enize yans\u0131t\u0131l\u0131r ve herhangi bir hasar durumunda \u00f6demeler ger\u00e7ekle\u015fen enflasyon oran\u0131 \u00fczerinden yap\u0131l\u0131r.<\/p>\n\n\n\n<h3 class=\"wp-block-heading\">S\u00fcr\u00fcc\u00fc ve Yolcu ile Ara\u00e7 D\u0131\u015f\u0131ndakilere Koruma<\/h3>\n\n\n\n<p>Size ve arac\u0131n\u0131z\u0131n i\u00e7indekilere ek olarak teminat kapsam\u0131na al\u0131n\u0131r.<\/p>\n\n\n\n<h3 class=\"wp-block-heading\">Ara\u00e7ta Bulunan \u00d6zel ve De\u011ferli E\u015fyalara Koruma<\/h3>\n\n\n\n<p>Hususi otomobilinizde bulunan ki\u015fisel e\u015fyalar\u0131n\u0131z (M\u00fccevherat, para, cep telefonu ve ta\u015f\u0131nabilir bilgisayar vb. hari\u00e7) ara\u00e7la birlikte teminat alt\u0131na al\u0131n\u0131r.<\/p>\n\n\n\n<p>Mesleki e\u015fyalar\u0131n\u0131z da ki\u015fisel e\u015fyalar teminat\u0131 alt\u0131nda. Arab\u0131n\u0131za bir zarar verilerek e\u015fyan\u0131z\u0131n \u00e7al\u0131nd\u0131ysa e\u015fya teminat\u0131nz devrede. \u00dcstelik ek prim almadan.<\/p>\n\n\n\n<h3 class=\"wp-block-heading\">Deprem, Sel, Grev, Lokavt, Halk Hareketleri ve Ter\u00f6r Hasarlar\u0131na Kar\u015f\u0131 Koruma Hukuksal Koruma<\/h3>\n\n\n\n<p>Hukuksal Koruma Sigortas\u0131 Genel \u015eartlar\u0131 kapsam\u0131nda olan her t\u00fcrl\u00fc hukuksal koruma masraf\u0131n\u0131z kar\u015f\u0131lan\u0131r.<\/p>\n","protected":false},"excerpt":{"rendered":"<p>Tek bir poli\u00e7e ile arac\u0131n\u0131z i\u00e7in ihtiya\u00e7 duyabilece\u011finiz t\u00fcm sigorta teminatlar\u0131na bir arada, \u00fcstelik benzersiz avantajlarla sahip olabilirsiniz&#8230; Birle\u015fik Kasko Sigortas\u0131-Teminatlar Tekbir poli\u00e7e ile arac\u0131n\u0131z i\u00e7in ihtiya\u00e7 duyabilece\u011finiz t\u00fcm sigorta teminatlar\u0131na bir arada, \u00fcstelik benzersiz avantajlarla sahip olabilirsiniz. Eskisi Yerine Yenisi Son model arac\u0131n\u0131z\u0131n, kaskonuzun ilk bir y\u0131ll\u0131k sigorta s\u00fcresi i\u00e7erisinde \u00e7al\u0131nmas\u0131 ya da tam&hellip;<\/p>\n","protected":false},"author":1,"featured_media":2026,"comment_status":"open","ping_status":"closed","template":"","dt_portfolio_category":[14],"dt_portfolio_tags":[],"class_list":["post-2061","dt_portfolio","type-dt_portfolio","status-publish","has-post-thumbnail","hentry","dt_portfolio_category-insurance","dt_portfolio_category-14","description-off"],"_links":{"self":[{"href":"https:\/\/ardacansigorta.com\/index.php\/wp-json\/wp\/v2\/dt_portfolio\/2061","targetHints":{"allow":["GET"]}}],"collection":[{"href":"https:\/\/ardacansigorta.com\/index.php\/wp-json\/wp\/v2\/dt_portfolio"}],"about":[{"href":"https:\/\/ardacansigorta.com\/index.php\/wp-json\/wp\/v2\/types\/dt_portfolio"}],"author":[{"embeddable":true,"href":"https:\/\/ardacansigorta.com\/index.php\/wp-json\/wp\/v2\/users\/1"}],"replies":[{"embeddable":true,"href":"https:\/\/ardacansigorta.com\/index.php\/wp-json\/wp\/v2\/comments?post=2061"}],"version-history":[{"count":1,"href":"https:\/\/ardacansigorta.com\/index.php\/wp-json\/wp\/v2\/dt_portfolio\/2061\/revisions"}],"predecessor-version":[{"id":2062,"href":"https:\/\/ardacansigorta.com\/index.php\/wp-json\/wp\/v2\/dt_portfolio\/2061\/revisions\/2062"}],"wp:featuredmedia":[{"embeddable":true,"href":"https:\/\/ardacansigorta.com\/index.php\/wp-json\/wp\/v2\/media\/2026"}],"wp:attachment":[{"href":"https:\/\/ardacansigorta.com\/index.php\/wp-json\/wp\/v2\/media?parent=2061"}],"wp:term":[{"taxonomy":"dt_portfolio_category","embeddable":true,"href":"https:\/\/ardacansigorta.com\/index.php\/wp-json\/wp\/v2\/dt_portfolio_category?post=2061"},{"taxonomy":"dt_portfolio_tags","embeddable":true,"href":"https:\/\/ardacansigorta.com\/index.php\/wp-json\/wp\/v2\/dt_portfolio_tags?post=2061"}],"curies":[{"name":"wp","href":"https:\/\/api.w.org\/{rel}","templated":true}]}}